{"id":631,"date":"2026-08-15T15:51:27","date_gmt":"2026-08-15T19:51:27","guid":{"rendered":"https:\/\/bibleacademy.africa\/?page_id=631"},"modified":"2026-08-15T23:40:00","modified_gmt":"2026-08-16T03:40:00","slug":"african-history","status":"publish","type":"page","link":"https:\/\/bibleacademy.africa\/?page_id=631","title":{"rendered":"African History"},"content":{"rendered":"<div class=\"wp-block-image\">\n<figure class=\"aligncenter size-full is-resized\"><img loading=\"lazy\" decoding=\"async\" width=\"330\" height=\"220\" src=\"https:\/\/bibleacademy.africa\/wp-content\/uploads\/2026\/08\/Flag_of_South_Africa.webp\" alt=\"\" class=\"wp-image-446\" style=\"aspect-ratio:1.4689108359994436;width:246px;height:auto\" srcset=\"https:\/\/bibleacademy.africa\/wp-content\/uploads\/2026\/08\/Flag_of_South_Africa.webp 330w, https:\/\/bibleacademy.africa\/wp-content\/uploads\/2026\/08\/Flag_of_South_Africa-300x200.webp 300w\" sizes=\"auto, (max-width: 330px) 100vw, 330px\" \/><\/figure>\n<\/div>\n\n\n<p class=\"has-text-align-center wp-block-paragraph\"><strong>South Africa KAF<\/strong><\/p>\n\n\n\n<hr class=\"wp-block-separator has-alpha-channel-opacity\"\/>\n\n\n<div class=\"wp-block-image\">\n<figure class=\"aligncenter size-full\"><img loading=\"lazy\" decoding=\"async\" width=\"250\" height=\"323\" src=\"https:\/\/bibleacademy.africa\/wp-content\/uploads\/2026\/08\/Nelson_Mandela_1994.jpg\" alt=\"\" class=\"wp-image-633\" srcset=\"https:\/\/bibleacademy.africa\/wp-content\/uploads\/2026\/08\/Nelson_Mandela_1994.jpg 250w, https:\/\/bibleacademy.africa\/wp-content\/uploads\/2026\/08\/Nelson_Mandela_1994-232x300.jpg 232w\" sizes=\"auto, (max-width: 250px) 100vw, 250px\" \/><figcaption class=\"wp-element-caption\"><strong>Kingkongphoto Laurel<\/strong><\/figcaption><\/figure>\n<\/div>\n\n\n<p class=\"has-text-align-center has-medium-font-size wp-block-paragraph\"><strong>His Excellency Nelson Mandela<\/strong><\/p>\n\n\n\n<p class=\"wp-block-paragraph\"><strong>Nelson Rolihlahla Mandela <\/strong>(18 July 1918 \u2013 5 December 2013) was a South African <mark style=\"background-color:rgba(0, 0, 0, 0)\" class=\"has-inline-color has-blue-color\">anti-apartheid revolutionary<\/mark>, politician, and philanthropist who served as President of South Africa from 1994 to 1999.<\/p>\n\n\n\n<hr class=\"wp-block-separator has-alpha-channel-opacity\"\/>\n\n\n\n<p class=\"wp-block-paragraph\">Apartheid, especially South African English transl.\u2009&#8221;separateness&#8221;, was a system of institutionalized racial segregation that existed in South Africa and South West Africa (now Namibia) from 1948 to 1994. It was characterized by an authoritarian political culture based on boss-ship or boss-hood, which ensured that South Africa was dominated politically, socially, and economically by the nation&#8217;s minority white population. Under this minoritarian system, white citizens held the highest status, followed by Indians, Coloureds and black Africans, in that order. The economic legacy and social effects of apartheid continue to persist to the present day, particularly inequality.<\/p>\n\n\n\n<p class=\"wp-block-paragraph\"><strong>PHOTOS FROM EMMI MEDIATECH:<\/strong><\/p>\n\n\n\n<p class=\"wp-block-paragraph\"><strong><mark style=\"background-color:rgba(0, 0, 0, 0)\" class=\"has-inline-color has-blue-color\">Apartheid 1976<\/mark><\/strong><mark style=\"background-color:rgba(0, 0, 0, 0)\" class=\"has-inline-color has-blue-color\"><strong>-1977<\/strong><\/mark><\/p>\n\n\n\n<figure class=\"wp-block-gallery has-nested-images columns-default is-cropped wp-block-gallery-1 is-layout-flex wp-block-gallery-is-layout-flex\">\n<figure class=\"wp-block-image size-large\"><img loading=\"lazy\" decoding=\"async\" width=\"844\" height=\"1024\" data-id=\"637\" src=\"https:\/\/bibleacademy.africa\/wp-content\/uploads\/2026\/08\/unesco-mechanic-844x1024.jpg\" alt=\"\" class=\"wp-image-637\" srcset=\"https:\/\/bibleacademy.africa\/wp-content\/uploads\/2026\/08\/unesco-mechanic-844x1024.jpg 844w, https:\/\/bibleacademy.africa\/wp-content\/uploads\/2026\/08\/unesco-mechanic-247x300.jpg 247w, https:\/\/bibleacademy.africa\/wp-content\/uploads\/2026\/08\/unesco-mechanic-768x931.jpg 768w, https:\/\/bibleacademy.africa\/wp-content\/uploads\/2026\/08\/unesco-mechanic.jpg 1039w\" sizes=\"auto, (max-width: 844px) 100vw, 844px\" \/><\/figure>\n\n\n\n<figure class=\"wp-block-image size-large\"><img loading=\"lazy\" decoding=\"async\" width=\"1016\" height=\"1024\" data-id=\"639\" src=\"https:\/\/bibleacademy.africa\/wp-content\/uploads\/2026\/08\/unersco-729-june-6-1016x1024.jpg\" alt=\"\" class=\"wp-image-639\" srcset=\"https:\/\/bibleacademy.africa\/wp-content\/uploads\/2026\/08\/unersco-729-june-6-1016x1024.jpg 1016w, https:\/\/bibleacademy.africa\/wp-content\/uploads\/2026\/08\/unersco-729-june-6-298x300.jpg 298w, https:\/\/bibleacademy.africa\/wp-content\/uploads\/2026\/08\/unersco-729-june-6-150x150.jpg 150w, https:\/\/bibleacademy.africa\/wp-content\/uploads\/2026\/08\/unersco-729-june-6-767x773.jpg 767w, https:\/\/bibleacademy.africa\/wp-content\/uploads\/2026\/08\/unersco-729-june-6.jpg 1039w\" sizes=\"auto, (max-width: 1016px) 100vw, 1016px\" \/><\/figure>\n\n\n\n<figure class=\"wp-block-image size-large\"><img loading=\"lazy\" decoding=\"async\" width=\"898\" height=\"1024\" data-id=\"640\" src=\"https:\/\/bibleacademy.africa\/wp-content\/uploads\/2026\/08\/unesco-729-898x1024.jpg\" alt=\"\" class=\"wp-image-640\" srcset=\"https:\/\/bibleacademy.africa\/wp-content\/uploads\/2026\/08\/unesco-729-898x1024.jpg 898w, https:\/\/bibleacademy.africa\/wp-content\/uploads\/2026\/08\/unesco-729-263x300.jpg 263w, https:\/\/bibleacademy.africa\/wp-content\/uploads\/2026\/08\/unesco-729-767x875.jpg 767w, https:\/\/bibleacademy.africa\/wp-content\/uploads\/2026\/08\/unesco-729.jpg 1039w\" sizes=\"auto, (max-width: 898px) 100vw, 898px\" \/><\/figure>\n\n\n\n<figure class=\"wp-block-image size-large\"><img loading=\"lazy\" decoding=\"async\" width=\"856\" height=\"1024\" data-id=\"641\" src=\"https:\/\/bibleacademy.africa\/wp-content\/uploads\/2026\/08\/unesco-729-girl-856x1024.jpg\" alt=\"\" class=\"wp-image-641\" srcset=\"https:\/\/bibleacademy.africa\/wp-content\/uploads\/2026\/08\/unesco-729-girl-856x1024.jpg 856w, https:\/\/bibleacademy.africa\/wp-content\/uploads\/2026\/08\/unesco-729-girl-251x300.jpg 251w, https:\/\/bibleacademy.africa\/wp-content\/uploads\/2026\/08\/unesco-729-girl-767x918.jpg 767w, https:\/\/bibleacademy.africa\/wp-content\/uploads\/2026\/08\/unesco-729-girl.jpg 1039w\" sizes=\"auto, (max-width: 856px) 100vw, 856px\" \/><\/figure>\n\n\n\n<figure class=\"wp-block-image size-large\"><img loading=\"lazy\" decoding=\"async\" width=\"892\" height=\"1024\" data-id=\"642\" src=\"https:\/\/bibleacademy.africa\/wp-content\/uploads\/2026\/08\/unesco-729-steve-892x1024.jpg\" alt=\"\" class=\"wp-image-642\" srcset=\"https:\/\/bibleacademy.africa\/wp-content\/uploads\/2026\/08\/unesco-729-steve-892x1024.jpg 892w, https:\/\/bibleacademy.africa\/wp-content\/uploads\/2026\/08\/unesco-729-steve-261x300.jpg 261w, https:\/\/bibleacademy.africa\/wp-content\/uploads\/2026\/08\/unesco-729-steve-767x881.jpg 767w, https:\/\/bibleacademy.africa\/wp-content\/uploads\/2026\/08\/unesco-729-steve.jpg 1039w\" sizes=\"auto, (max-width: 892px) 100vw, 892px\" \/><\/figure>\n\n\n\n<figure class=\"wp-block-image size-full\"><img loading=\"lazy\" decoding=\"async\" width=\"644\" height=\"800\" data-id=\"644\" src=\"https:\/\/bibleacademy.africa\/wp-content\/uploads\/2026\/08\/eric-south-africa-apart.jpg\" alt=\"\" class=\"wp-image-644\" srcset=\"https:\/\/bibleacademy.africa\/wp-content\/uploads\/2026\/08\/eric-south-africa-apart.jpg 644w, https:\/\/bibleacademy.africa\/wp-content\/uploads\/2026\/08\/eric-south-africa-apart-242x300.jpg 242w\" sizes=\"auto, (max-width: 644px) 100vw, 644px\" \/><\/figure>\n<\/figure>\n\n\n\n<hr class=\"wp-block-separator has-alpha-channel-opacity\"\/>\n\n\n\n<p class=\"wp-block-paragraph\"><strong><mark style=\"background-color:rgba(0, 0, 0, 0)\" class=\"has-inline-color has-blue-color\">Click on image for bigger picture<\/mark><\/strong><\/p>\n\n\nngg_shortcode_0_placeholder\n\n\n\n<hr class=\"wp-block-separator has-alpha-channel-opacity\"\/>\n\n\n<div class=\"wp-block-image\">\n<figure class=\"aligncenter size-full is-resized\"><img loading=\"lazy\" decoding=\"async\" width=\"500\" height=\"774\" src=\"https:\/\/bibleacademy.africa\/wp-content\/uploads\/2026\/08\/Steve_Biko.jpg\" alt=\"\" class=\"wp-image-645\" style=\"aspect-ratio:0.6524753282766496;width:366px;height:auto\" srcset=\"https:\/\/bibleacademy.africa\/wp-content\/uploads\/2026\/08\/Steve_Biko.jpg 500w, https:\/\/bibleacademy.africa\/wp-content\/uploads\/2026\/08\/Steve_Biko-194x300.jpg 194w\" sizes=\"auto, (max-width: 500px) 100vw, 500px\" \/><\/figure>\n<\/div>\n\n\n<p class=\"wp-block-paragraph\">Flyer for the Steve Biko Memorial at the Carver Cultural Center, on February 10, 1978, featuring performances, speakers, and a film. There is a black-and-white photo of Biko with the details of the event underneath.<\/p>\n\n\n\n<p class=\"wp-block-paragraph\">Bantu Stephen Biko OMSG (18 December 1946 \u2013 12 September 1977) was a South African anti-apartheid activist. Ideologically an African nationalist and African socialist, he was at the forefront of a grassroots anti-apartheid campaign known as the Black Consciousness Movement during the late 1960s and 1970s. His ideas were articulated in a series of articles published under the pseudonym Frank Talk.<\/p>\n\n\n\n<p class=\"wp-block-paragraph\">Raised in a poor Xhosa family, Biko grew up in the township of Ginsberg in the Eastern Cape. In 1966, he began studying medicine at the University of Natal, where he joined the National Union of South African Students (NUSAS). Strongly opposed to the apartheid system of racial segregation and white-minority rule in South Africa, Biko was frustrated that NUSAS and other anti-apartheid groups were dominated by white liberals, rather than by the blacks who were most affected by apartheid. He believed that well-intentioned white liberals failed to comprehend the black experience and often acted in a paternalistic manner. He developed the view that, to avoid white domination, black people had to organize independently, and, to this end, he became a leading figure in the creation of the South African Students&#8217; Organization (SASO) in 1968. Membership was open only to &#8220;Blacks&#8221;, a term that Biko used in reference not just to Bantu-speaking Africans but also to Coloureds and Indians. He was careful to keep his movement independent of white liberals, but opposed anti-white hatred and had white friends. The white-minority National Party government were initially supportive, seeing SASO&#8217;s creation as a victory for apartheid&#8217;s ethos of racial separatism.<\/p>\n\n\n\n<p class=\"wp-block-paragraph\">Influenced by the Martinican philosopher Frantz Fanon, Biko and his compatriots developed Black Consciousness as SASO&#8217;s official ideology. The movement campaigned for an end to apartheid and the transition of South Africa toward universal suffrage and a socialist economy. It organized Black Community Programmes (BCPs) and focused on the psychological empowerment of black people. Biko believed that black people needed to rid themselves of any sense of racial inferiority, an idea he expressed by popularizing the slogan &#8220;black is beautiful&#8221;. In 1972, he helped found the Black People&#8217;s Convention (BPC) to promote Black Consciousness among the wider population. The government came to see Biko as a subversive threat and placed him under a banning order in 1973, severely restricting his activities. He remained politically active, helping to organize BCPs, such as a healthcare centre and a cr\u00e8che, in the Ginsberg area. During his ban, he received repeated anonymous threats and was detained by state security services on several occasions. Following his arrest in August 1977, Biko was beaten to death by state security officers. Over 20,000 people attended his funeral.<\/p>\n\n\n\n<p class=\"wp-block-paragraph\">Biko&#8217;s fame spread posthumously. He became the subject of numerous songs and works of art, while a 1978 biography by his friend Donald Woods formed the basis for the 1987 film Cry Freedom. During Biko&#8217;s life, the government alleged that he hated whites, various anti-apartheid activists accused him of sexism, and African racial nationalists criticized his united front with Coloureds and Indians. Nonetheless, Biko became one of the earliest icons of the movement against apartheid, and is regarded as a political martyr and the &#8220;Father of Black Consciousness&#8221;. His political legacy remains a matter of contention.<\/p>\n\n\n\n<p class=\"wp-block-paragraph\"><strong>Arrest and death<\/strong><br>In 1977, Biko broke his banning order by travelling to Cape Town, hoping to meet Unity Movement leader Neville Alexander and address growing dissent in the Western Cape branch of the BCM, which was dominated by Marxists such as Johnny Issel. Biko drove to the city with his friend Peter Jones on 17 August, but Alexander refused to meet with Biko, fearing that the police were monitoring him. Biko and Jones drove back toward King William&#8217;s Town, but on 18 August they were stopped at a police roadblock near Grahamstown. Biko was arrested for having violated the order restricting him to King William&#8217;s Town. Unsubstantiated claims have been made that the security services were aware of Biko&#8217;s trip to Cape Town and that the roadblock had been erected to catch him. Jones was also arrested at the roadblock and subsequently held without trial for 533 days, during which he was interrogated on numerous occasions.<\/p>\n\n\n\n<p class=\"wp-block-paragraph\">The security services took Biko to the Walmer police station in Port Elizabeth, where he was held naked in a cell with his legs in shackles. On 6 September, he was transferred from Walmer to room 619 of the security police headquarters in the Sanlam Building in central Port Elizabeth, where he was interrogated for 22 hours, handcuffed and in shackles, and chained to a grille. Exactly what happened has never been ascertained, but during the interrogation he was severely beaten by at least one of the ten security police officers. He suffered three brain lesions that resulted in a massive brain hemorrhage on 6 September. Following this incident, Biko&#8217;s captors forced him to remain standing and shackled to the wall. The police later said that Biko had attacked one of them with a chair, forcing them to subdue him and place him in handcuffs and leg irons.<\/p>\n\n\n\n<p class=\"wp-block-paragraph\">Biko was examined by a doctor, Ivor Lang, who stated that there was no evidence of injury on Biko. Later scholarship has suggested Biko&#8217;s injuries must have been obvious. He was then examined by two other doctors who, after a test showed blood cells to have entered Biko&#8217;s spinal fluid, agreed that he should be transported to a prison hospital in Pretoria. On 11 September, police loaded him into the back of a Land Rover, naked and manacled, and drove him 740 miles (1,190 km) to the hospital. There, Biko died alone in a cell on 12 September 1977. According to an autopsy, an &#8220;extensive brain injury&#8221; had caused &#8220;centralisation of the blood circulation to such an extent that there had been intravasal blood coagulation, acute kidney failure, and uremia&#8221;. He was the twenty-first person to die in a South African prison in twelve months, and the forty-sixth political detainee to die during interrogation since the government introduced laws permitting imprisonment without trial in 1963.<\/p>\n\n\n<div class=\"wp-block-image\">\n<figure class=\"aligncenter size-full\"><img loading=\"lazy\" decoding=\"async\" width=\"330\" height=\"219\" src=\"https:\/\/bibleacademy.africa\/wp-content\/uploads\/2026\/08\/Zuidafrikaan_Donald_Wo_Schiphol.jpg\" alt=\"\" class=\"wp-image-646\" srcset=\"https:\/\/bibleacademy.africa\/wp-content\/uploads\/2026\/08\/Zuidafrikaan_Donald_Wo_Schiphol.jpg 330w, https:\/\/bibleacademy.africa\/wp-content\/uploads\/2026\/08\/Zuidafrikaan_Donald_Wo_Schiphol-300x199.jpg 300w\" sizes=\"auto, (max-width: 330px) 100vw, 330px\" \/><\/figure>\n<\/div>\n\n\n<p class=\"wp-block-paragraph\">South African Donald Woods at Schiphol regarding the Dutch translation of his book about Steve Biko. Date: July 3, 1978.<\/p>\n\n\n<div class=\"wp-block-image\">\n<figure class=\"aligncenter size-full\"><img loading=\"lazy\" decoding=\"async\" width=\"250\" height=\"300\" src=\"https:\/\/bibleacademy.africa\/wp-content\/uploads\/2026\/08\/StevenBantuBikosGrave.jpg\" alt=\"\" class=\"wp-image-647\"\/><figcaption class=\"wp-element-caption\"><strong>Socrammm<\/strong><\/figcaption><\/figure>\n<\/div>\n\n\n<p class=\"wp-block-paragraph\">Stephen Bantu Biko, dit Steve Biko, n\u00e9 le 18 d\u00e9cembre 1946 et mort le 12 septembre 1977, est un militant noir sud-africain et une des figures de la lutte anti-apartheid. Il meurt en d\u00e9tention en 1977 \u00e0 l&#8217;\u00e2ge de 30 ans, vraisemblablement tu\u00e9 par des policiers.<\/p>\n\n\n\n<p class=\"wp-block-paragraph\">Le 12 septembre 1977, Biko meurt en d\u00e9tention, officiellement apr\u00e8s s\u2019\u00eatre cogn\u00e9 la t\u00eate contre un mur, mais en r\u00e9alit\u00e9 apr\u00e8s avoir \u00e9t\u00e9 tortur\u00e9 par la police. Le pr\u00eache lors de ses fun\u00e9railles est assur\u00e9 par Desmond Tutu, futur prix Nobel de la paix, alors proche de la Black theology (th\u00e9ologie noire).<\/p>\n\n\n\n<p class=\"wp-block-paragraph\">Les conditions de d\u00e9tention, ainsi que le d\u00e9c\u00e8s brutal de Biko, font l&#8217;objet d&#8217;une pol\u00e9mique internationale qui aboutit sur la condamnation du r\u00e9gime sud-africain. \u00c0 l&#8217;ONU, le Conseil de s\u00e9curit\u00e9 vote, coup sur coup, les r\u00e9solutions 417 (31 octobre 1977) et 418 (4 novembre 1977), cette derni\u00e8re imposant un embargo sur les ventes d&#8217;armes \u00e0 destination de l&#8217;Afrique du Sud. Apr\u00e8s son d\u00e9c\u00e8s, Biko devient le symbole de la r\u00e9sistance noire face \u00e0 la cruaut\u00e9 du pouvoir en place .<\/p>\n\n\n\n<p class=\"wp-block-paragraph\">Aux questions de la d\u00e9put\u00e9e lib\u00e9rale Helen Suzman sur la mort de Biko, la r\u00e9ponse du ministre de la Justice, Jimmy Kruger, retentit \u00e0 travers le monde entier : \u00ab La mort de Steve Biko me laisse froid. \u00bb. Les policiers concern\u00e9s ne re\u00e7oivent qu&#8217;un bl\u00e2me dans un premier temps, alors que les m\u00e9decins impliqu\u00e9s sont pris \u00e0 partie par leurs coll\u00e8gues, notamment par une enqu\u00eate d&#8217;\u00e9thique m\u00e9dicale men\u00e9e par Frances Ames, qui s&#8217;ach\u00e8vera en 1985, ann\u00e9e o\u00f9 la Cour supr\u00eame d&#8217;Afrique du Sud statue en faveur de sanctions contre les chirurgiens. La police finit par avouer le meurtre de Steve Biko \u00e0 la Commission de v\u00e9rit\u00e9 et r\u00e9conciliation \u00e0 la fin des ann\u00e9es 1990.<\/p>\n\n\n\n<p class=\"wp-block-paragraph\">Le 7 octobre 2003, soit pr\u00e8s de dix ans apr\u00e8s l&#8217;av\u00e8nement d&#8217;un r\u00e9gime multiracial en Afrique du Sud, la justice sud-africaine renonce \u00e0 poursuivre les cinq policiers pour manque de preuves et d&#8217;absence de t\u00e9moins.<\/p>\n\n\n\n<p class=\"wp-block-paragraph\">Le 12 septembre 2025, la justice sud-africaine rouvre l&#8217;enqu\u00eate sur sa mort.<\/p>\n\n\n\n<p class=\"has-small-font-size wp-block-paragraph\"><a href=\"https:\/\/en.wikipedia.org\/wiki\/Steve_Biko\"><strong>https:\/\/en.wikipedia.org\/wiki\/Steve_Biko<\/strong><\/a><\/p>\n\n\n\n<hr class=\"wp-block-separator has-alpha-channel-opacity\"\/>\n\n\n\n<p class=\"wp-block-paragraph\">In <strong>United Nations Security Council Resolution 417,<\/strong> adopted on October 31, 1977, after reaffirming Resolution 392 (1976), the Council condemned the continuing repression against black people and other opponents of apartheid, as well as the South African media and the mounting deaths of detainees. The Council foresaw that the continuation of such activities would lead to serious racial conflict with international repercussions.<\/p>\n\n\n\n<p class=\"wp-block-paragraph\"><strong>The resolution demanded therefore that the Government of South Africa:<\/strong><\/p>\n\n\n\n<ul class=\"wp-block-list\">\n<li>(a) end the violence against the opponents of apartheid;<\/li>\n\n\n\n<li>(b) release all persons held under arbitrary security laws;<\/li>\n\n\n\n<li>(c) cease its violent response to demonstrations against apartheid;<\/li>\n\n\n\n<li>(d) remove bans on news media opposed to apartheid;<\/li>\n\n\n\n<li>(e) abolish the &#8220;Bantu education system&#8221; and the bantustans.<\/li>\n<\/ul>\n\n\n\n<p class=\"wp-block-paragraph\">The resolution went on to ask Member States to support it and to provide assistance to those fleeing South Africa. It also requested the Secretary-General Kurt Waldheim, along with the Special Committee against Apartheid, to monitor the situation and issue a report on the implementation of Resolution 417 by February 17, 1978.<\/p>\n\n\n\n<p class=\"wp-block-paragraph\">The meeting, called for by Tunisia in light of the repressive measures adopted by South Africa, unanimously adopted the resolution. Three previous draft resolutions were rejected due to objections by some permanent members of the Council.<\/p>\n\n\n\n<p class=\"wp-block-paragraph\"><mark style=\"background-color:rgba(0, 0, 0, 0)\" class=\"has-inline-color has-blue-color\"><strong>La r\u00e9solution 417 du Conseil de s\u00e9curit\u00e9 des Nations<\/strong> <\/mark>unies a \u00e9t\u00e9 adopt\u00e9e le 31 octobre 1977.<\/p>\n\n\n\n<p class=\"wp-block-paragraph\">Apr\u00e8s avoir rappel\u00e9 la r\u00e9solution 392, le Conseil condamne la r\u00e9pression continue contre les personnes noires, les opposants \u00e0 l&#8217;apartheid et les m\u00e9dias sud-africains, ainsi que le nombre croissant de morts. Le Conseil pr\u00e9voit que la poursuite de telles activit\u00e9s entra\u00eenera de graves conflits raciaux aux r\u00e9percussions internationales.<\/p>\n\n\n\n<p class=\"wp-block-paragraph\"><strong>La r\u00e9solution exige<\/strong>:<\/p>\n\n\n\n<ul class=\"wp-block-list\">\n<li>La fin des violences contre les opposants \u00e0 l&#8217;apartheid,<\/li>\n\n\n\n<li>La lib\u00e9ration des personnes d\u00e9tenues en vertu de lois arbitraires,<\/li>\n\n\n\n<li>La fin de la r\u00e9ponse violente aux manifestations anti-apartheid,<\/li>\n\n\n\n<li>La lev\u00e9e des interdictions envers les m\u00e9dias s&#8217;opposant \u00e0 l&#8217;apartheid,<\/li>\n\n\n\n<li>L&#8217;abolition du \u00ab syst\u00e8me \u00e9ducatif bantou \u00bb et des bantoustans.<\/li>\n<\/ul>\n\n\n\n<p class=\"wp-block-paragraph\">La r\u00e9solution demande ensuite aux \u00c9tats membres de la soutenir et de fournir une assistance \u00e0 ceux qui fuient l&#8217;Afrique du Sud. Le conseil demande \u00e9galement au secr\u00e9taire g\u00e9n\u00e9ral Kurt Waldheim, ainsi qu&#8217;au Comit\u00e9 sp\u00e9cial contre l&#8217;apartheid, de surveiller la situation et de publier un rapport sur la mise en \u0153uvre de la r\u00e9solution 417 d&#8217;ici le 17 f\u00e9vrier 1978.<\/p>\n\n\n\n<p class=\"wp-block-paragraph\">La r\u00e9union du conseil, convoqu\u00e9e par la Tunisie \u00e0 la lumi\u00e8re des mesures r\u00e9pressives prises par l&#8217;Afrique du Sud, adopte la r\u00e9solution \u00e0 l&#8217;unanimit\u00e9. Trois projets de r\u00e9solution pr\u00e9c\u00e9dents sont rejet\u00e9s en raison des objections de certains membres permanents du conseil<\/p>\n\n\n\n<p class=\"has-small-font-size wp-block-paragraph\"><a href=\"https:\/\/en.wikipedia.org\/wiki\/United_Nations_Security_Council_Resolution_417\"><strong>https:\/\/en.wikipedia.org\/wiki\/United_Nations_Security_Council_Resolution_417<\/strong><\/a><\/p>\n\n\n\n<hr class=\"wp-block-separator has-alpha-channel-opacity\"\/>\n\n\n<div class=\"wp-block-image\">\n<figure class=\"aligncenter size-full\"><img loading=\"lazy\" decoding=\"async\" width=\"330\" height=\"220\" src=\"https:\/\/bibleacademy.africa\/wp-content\/uploads\/2026\/08\/Flag_of_Rwanda.svg_.webp\" alt=\"\" class=\"wp-image-671\" srcset=\"https:\/\/bibleacademy.africa\/wp-content\/uploads\/2026\/08\/Flag_of_Rwanda.svg_.webp 330w, https:\/\/bibleacademy.africa\/wp-content\/uploads\/2026\/08\/Flag_of_Rwanda.svg_-300x200.webp 300w\" sizes=\"auto, (max-width: 330px) 100vw, 330px\" \/><\/figure>\n<\/div>\n\n\n<p class=\"has-text-align-center wp-block-paragraph\"><strong>Rwanda<\/strong><\/p>\n\n\n\n<hr class=\"wp-block-separator has-alpha-channel-opacity\"\/>\n\n\n<div class=\"wp-block-image\">\n<figure class=\"aligncenter size-full\"><img loading=\"lazy\" decoding=\"async\" width=\"659\" height=\"750\" src=\"https:\/\/bibleacademy.africa\/wp-content\/uploads\/2026\/08\/eric-movies-rwanda.jpg\" alt=\"\" class=\"wp-image-673\" srcset=\"https:\/\/bibleacademy.africa\/wp-content\/uploads\/2026\/08\/eric-movies-rwanda.jpg 659w, https:\/\/bibleacademy.africa\/wp-content\/uploads\/2026\/08\/eric-movies-rwanda-264x300.jpg 264w\" sizes=\"auto, (max-width: 659px) 100vw, 659px\" \/><\/figure>\n<\/div>\n\n\n<p class=\"has-medium-font-size wp-block-paragraph\"><strong>The three movies in my hands<\/strong><\/p>\n\n\n\n<ol class=\"wp-block-list\">\n<li><strong><mark style=\"background-color:rgba(0, 0, 0, 0)\" class=\"has-inline-color has-blue-color\">Hotel Rwanda<\/mark><\/strong> is a 2004 biographical historical drama film co-written and directed by Terry George. It was adapted from a screenplay by George and Keir Pearson, and stars Don Cheadle and Sophie Okonedo as hotelier Paul Rusesabagina and his wife Tatiana. The film depicts Rusesabagina&#8217;s efforts to save the lives of his family and more than 1,500 other refugees by sheltering them in the besieged H\u00f4tel des Mille Collines during the Rwandan genocide, which occurred during the spring of 1994. Hotel Rwanda explores genocide, political corruption, and the repercussions of violence. The film was critically acclaimed and on many of the year&#8217;s Top 10 lists. It was nominated for multiple awards, including Academy Awards for Best Actor (Cheadle), Best Supporting Actress (Okonkwo), and Best Original Screenplay.<\/li>\n\n\n\n<li><strong><mark style=\"background-color:rgba(0, 0, 0, 0)\" class=\"has-inline-color has-blue-color\">Shake Hands with the Devil<\/mark><\/strong> is a 2007 Canadian biographical war drama film starring Roy Dupuis as Rom\u00e9o Dallaire, which premiered at the Toronto International Film Festival in August 2007. Based on Dallaire&#8217;s autobiographical book Shake Hands with the Devil: The Failure of Humanity in Rwanda, the film recounts Dallaire&#8217;s harrowing personal journey during the 1994 Rwandan genocide and how the United Nations did not heed Dallaire&#8217;s urgent pleas for further assistance to halt the massacre. The film received 12 nominations at the 28th Genie Awards, tying with Eastern Promises for the most nominations.<\/li>\n\n\n\n<li><strong><mark style=\"background-color:rgba(0, 0, 0, 0)\" class=\"has-inline-color has-blue-color\"><em>Un dimanche \u00e0 Kigali<\/em><\/mark><\/strong>. A Sunday in Kigali (original French title: Un dimanche \u00e0 Kigali) is a 2006 Canadian feature film set during the Rwandan genocide. It is directed by Robert Favreau and based on the novel A Sunday at the Pool in Kigali by Gil Courtemanche.<\/li>\n<\/ol>\n\n\n\n<hr class=\"wp-block-separator has-alpha-channel-opacity\"\/>\n\n\n\n<p class=\"wp-block-paragraph\">The Rwandan genocide, also known as the Tutsi genocide, occurred from 7 April to 19 July 1994 during the Rwandan Civil War. Over a span of around 100 days, members of the Tutsi ethnic group, as well as some moderate Hutu and Twa, were systematically killed by Hutu militias. While the Rwandan Constitution states that over 1 million people were killed, most scholarly estimates suggest between 500,000 and 662,000 Tutsi died. The genocide was marked by extreme violence, with victims often murdered by neighbours, and widespread sexual violence, with between 250,000 and 500,000 cases of rape.<\/p>\n\n\n\n<p class=\"wp-block-paragraph\">The genocide was rooted in long-standing ethnic tensions, most recently from the Rwandan Hutu Revolution from 1959 to 1962, which resulted in Rwandan Tutsi fleeing to <strong>Uganda<\/strong> due to the ethnic violence that had occurred. Hostilities were then exacerbated further due to the Rwandan Civil War, which began in 1990 when the Rwandan Patriotic Front (RPF), a predominantly <strong><em>Tutsi rebel group, invaded Rwanda from Uganda<\/em><\/strong>. The war reached a tentative peace with the Arusha Accords in 1993. However, the assassination of President Juv\u00e9nal Habyarimana on 6 April 1994 ignited the genocide, as Hutu extremists used the power vacuum to target Tutsi and moderate Hutu leaders.<\/p>\n\n\n\n<p class=\"wp-block-paragraph\">Despite the scale of the atrocities, the international community failed to intervene to stop the killings. The RPF resumed military operations in response to the genocide, eventually defeating the government forces and ending the genocide by capturing all government-controlled territory. This led to the flight of the g\u00e9nocidaires and many Hutu refugees into Zaire (now the<strong><em> Democratic Republic of the Congo<\/em><\/strong>), contributing to regional instability and triggering the First Congo War in 1996.<\/p>\n\n\n\n<p class=\"wp-block-paragraph\">The legacy of the genocide remains significant in Rwanda. The country has instituted public holidays to commemorate the event and passed laws criminalizing &#8220;genocide ideology&#8221; and &#8220;divisionism&#8221;.<\/p>\n\n\n\n<hr class=\"wp-block-separator has-alpha-channel-opacity\"\/>\n\n\n<div class=\"wp-block-image\">\n<figure class=\"aligncenter size-full is-resized\"><img loading=\"lazy\" decoding=\"async\" width=\"250\" height=\"333\" src=\"https:\/\/bibleacademy.africa\/wp-content\/uploads\/2026\/08\/Romeo_Dallaire_2025cropped.jpg\" alt=\"\" class=\"wp-image-674\" style=\"aspect-ratio:0.7613971637955649;width:254px;height:auto\" srcset=\"https:\/\/bibleacademy.africa\/wp-content\/uploads\/2026\/08\/Romeo_Dallaire_2025cropped.jpg 250w, https:\/\/bibleacademy.africa\/wp-content\/uploads\/2026\/08\/Romeo_Dallaire_2025cropped-225x300.jpg 225w\" sizes=\"auto, (max-width: 250px) 100vw, 250px\" \/><figcaption class=\"wp-element-caption\"><strong>Mykola Swarnyk<\/strong><\/figcaption><\/figure>\n<\/div>\n\n\n<p class=\"has-text-align-center wp-block-paragraph\"><strong>General Rom\u00e9o Dallaire <\/strong><\/p>\n\n\n\n<p class=\"wp-block-paragraph\">Rom\u00e9o Antonius Dallaire was born in Denekamp, Netherlands, to Staff-Sergeant Rom\u00e9o Louis Dallaire, a Canadian non-commissioned officer, and Catherine Vermeassen, a Dutch nurse. Dallaire came to Canada with his mother as a six-month-old baby on the Empire Brent, landing in Halifax on December 13, 1946. He spent his childhood in Montreal.<\/p>\n\n\n\n<p class=\"wp-block-paragraph\">He enrolled in the Canadian Army in 1963, as a cadet at the Royal Military College Saint-Jean. In 1970, he graduated from the Royal Military College of Canada with a Bachelor of Science degree and was commissioned into The Royal Regiment of Canadian Artillery.<\/p>\n\n\n\n<p class=\"wp-block-paragraph\">Dallaire has also attended the Canadian Land Force Command and Staff College, the United States Marine Corps Command and Staff College in Quantico, VA, and the British Higher Command and Staff Course.<\/p>\n\n\n\n<p class=\"wp-block-paragraph\">He commanded the 5e R\u00e9giment d&#8217;artillerie l\u00e9g\u00e8re du Canada. On July 3, 1989, he was promoted to the rank of brigadier-general. He then commanded the 5th Canadian Mechanized Brigade Group. He was also the commandant of Coll\u00e8ge militaire royal de Saint-Jean from 1990 to 1993.<\/p>\n\n\n\n<p class=\"wp-block-paragraph\"><strong>Rwanda Original mission<\/strong><br>In late 1993, Dallaire received his commission as the Force Commander of UNAMIR, the United Nations Assistance Mission for Rwanda. Rwanda was in the middle of a civil war between the extremist Hutu government and a small Tutsi rebel faction. UNAMIR&#8217;s goal was to assist in implementing the Arusha Accords. The Hutus worked through the Rwandan army and the then-president of Rwanda, Juv\u00e9nal Habyarimana. In contrast, the Tutsis worked through the rebel commander Paul Kagame, who is Rwanda&#8217;s president today. When Dallaire arrived in Rwanda, his mandate was to supervise the implementation of the Accords during a transitional period in which Tutsis were supposed to be given positions of power within the Hutu government.<\/p>\n\n\n\n<p class=\"wp-block-paragraph\">Following the withdrawal of Belgian forces, whom Dallaire considered his best-trained and best-equipped, he consolidated his contingent of Pakistani, Canadian, Ghanaian, Tunisian, and Bangladeshi soldiers in urban areas and focused on establishing &#8220;safe control&#8221; zones in and around Kigali. Most of Dallaire&#8217;s efforts were devoted to defending specific areas where he knew Tutsis were hiding. Dallaire&#8217;s staff, including the UN&#8217;s unarmed observers, often relied on their UN credentials to save Tutsis, heading off Interahamwe attacks even while being outnumbered and outgunned. Dallaire and his staff are credited with saving the lives of 32,000 people.<\/p>\n\n\n\n<p class=\"wp-block-paragraph\">Dallaire gave the major contributors to the force different evaluations for their work. In his book Shake Hands with the Devil, he gave the Tunisian and Ghanaian contingents high praise for their valiant and competent work. Ghana lost three peacekeepers. On the other hand, he criticized the Bangladeshi contingent for being poorly trained and poorly equipped. He was especially critical of the Bangladeshi contingent&#8217;s leadership for their incompetence and lack of loyalty to the mission and the UN chain of command.<\/p>\n\n\n\n<p class=\"wp-block-paragraph\">As the massacre progressed and press accounts of the genocide grew, the UN Security Council backtracked on its position and voted to establish UNAMIR II, with a strength of 5,500 peacekeepers.<\/p>\n\n\n\n<p class=\"wp-block-paragraph\">As revealed through testimony at the International Criminal Tribunal for Rwanda, the genocide was brutally efficient, lasting for a total of 100 days and leading to the murder of between 800,000 and 1,171,000 Tutsi, Hutu moderates and Twa. Over two million people were displaced internally or in neighbouring countries.<\/p>\n\n\n\n<hr class=\"wp-block-separator has-alpha-channel-opacity\"\/>\n\n\n\n<p class=\"wp-block-paragraph\"><strong>5 Canadian Mechanized Brigade Group<\/strong><\/p>\n\n\n\n<p class=\"wp-block-paragraph\">The 5 Canadian Mechanized Brigade Group (French: 5e Groupe-brigade m\u00e9canis\u00e9 du Canada) (5 CMBG) is a Canadian Forces brigade group that is part of 2nd Canadian Division of the Canadian Army. It is based at CFB Valcartier, near Quebec City, Quebec. The brigade group is the formation responsible for the majority of francophone units of the regular army<\/p>\n\n\n\n<ul class=\"wp-block-list\">\n<li>5 CMBG Headquarters &amp; Signal Squadron<\/li>\n\n\n\n<li><strong>12e R\u00e9giment blind\u00e9 du Canada<\/strong> (<mark style=\"background-color:rgba(0, 0, 0, 0)\" class=\"has-inline-color has-blue-color\">Me, nope<\/mark>. The establishment of 5 Combat Group was tied to the creation of the new units under its control and between <strong>1977 and 1992<\/strong>) <mark style=\"background-color:rgba(0, 0, 0, 0)\" class=\"has-inline-color has-blue-color\">I left the force in 1973, so 4 years before the brigade was formed.<\/mark><\/li>\n\n\n\n<li>5e R\u00e9giment d&#8217;artillerie l\u00e9g\u00e8re du Canada<\/li>\n\n\n\n<li>5 Combat Engineer Regiment<\/li>\n\n\n\n<li>1st Battalion, Royal 22e R\u00e9giment<\/li>\n\n\n\n<li>2nd Battalion, Royal 22e R\u00e9giment<\/li>\n\n\n\n<li>3rd Battalion, Royal 22e R\u00e9giment<\/li>\n\n\n\n<li>5 Service Battalion<\/li>\n<\/ul>\n\n\n\n<p class=\"has-text-align-center wp-block-paragraph\"><strong>I lived 7 min&nbsp;(2.3 km) from his house (1951 to 1977)<\/strong><\/p>\n\n\n\n<p class=\"wp-block-paragraph\"><a href=\"https:\/\/en.wikipedia.org\/wiki\/Romeo_Dallaire\">Wikipedia: Romeo Dallaire<\/a><\/p>\n\n\n\n<hr class=\"wp-block-separator has-alpha-channel-opacity\"\/>\n\n\n<div class=\"wp-block-image\">\n<figure class=\"aligncenter size-full\"><img loading=\"lazy\" decoding=\"async\" width=\"250\" height=\"309\" src=\"https:\/\/bibleacademy.africa\/wp-content\/uploads\/2026\/08\/12_RBC_cap_badge.jpg\" alt=\"\" class=\"wp-image-675\" srcset=\"https:\/\/bibleacademy.africa\/wp-content\/uploads\/2026\/08\/12_RBC_cap_badge.jpg 250w, https:\/\/bibleacademy.africa\/wp-content\/uploads\/2026\/08\/12_RBC_cap_badge-243x300.jpg 243w\" sizes=\"auto, (max-width: 250px) 100vw, 250px\" \/><\/figure>\n<\/div>\n\n<div class=\"wp-block-image\">\n<figure class=\"alignleft size-full\"><img loading=\"lazy\" decoding=\"async\" width=\"281\" height=\"379\" src=\"https:\/\/bibleacademy.africa\/wp-content\/uploads\/2026\/08\/JEM-Legion.jpg\" alt=\"\" class=\"wp-image-676\" srcset=\"https:\/\/bibleacademy.africa\/wp-content\/uploads\/2026\/08\/JEM-Legion.jpg 281w, https:\/\/bibleacademy.africa\/wp-content\/uploads\/2026\/08\/JEM-Legion-222x300.jpg 222w\" sizes=\"auto, (max-width: 281px) 100vw, 281px\" \/><\/figure>\n<\/div>\n\n\n<p class=\"wp-block-paragraph\"><\/p>\n\n\n\n<ul class=\"wp-block-list\">\n<li>I serve in the 12 RBC with my unit, Hull Regiment (Reserve).<\/li>\n\n\n\n<li>How close I was with a General: While living in Trois-Rivi\u00e8res, General Allard&#8217;s daughter and her husband gave us rides home (Marie and me) from the Legion.<\/li>\n<\/ul>\n\n\n\n<p class=\"wp-block-paragraph\"><\/p>\n\n\n\n<p class=\"wp-block-paragraph\"><\/p>\n\n\n\n<p class=\"wp-block-paragraph\"><\/p>\n\n\n\n<p class=\"wp-block-paragraph\"><\/p>\n\n\n\n<hr class=\"wp-block-separator has-alpha-channel-opacity\"\/>\n\n\n\n<ul class=\"wp-block-list\">\n<li><a href=\"https:\/\/bibleacademy.africa\/?page_id=678\" data-type=\"page\" data-id=\"678\">African History 2<\/a><\/li>\n<\/ul>\n","protected":false},"excerpt":{"rendered":"<p>South Africa KAF His Excellency Nelson Mandela Nelson Rolihlahla Mandela (18 July 1918 \u2013 5 December 2013) was a South African anti-apartheid revolutionary, politician, and philanthropist who served as President of South Africa from 1994 to 1999. Apartheid, especially South &hellip; <a href=\"https:\/\/bibleacademy.africa\/?page_id=631\">Continue reading <span class=\"meta-nav\">&rarr;<\/span><\/a><\/p>\n","protected":false},"author":2,"featured_media":0,"parent":0,"menu_order":0,"comment_status":"closed","ping_status":"closed","template":"","meta":{"ngg_post_thumbnail":0,"footnotes":""},"class_list":["post-631","page","type-page","status-publish","hentry"],"jetpack_sharing_enabled":true,"_links":{"self":[{"href":"https:\/\/bibleacademy.africa\/index.php?rest_route=\/wp\/v2\/pages\/631","targetHints":{"allow":["GET"]}}],"collection":[{"href":"https:\/\/bibleacademy.africa\/index.php?rest_route=\/wp\/v2\/pages"}],"about":[{"href":"https:\/\/bibleacademy.africa\/index.php?rest_route=\/wp\/v2\/types\/page"}],"author":[{"embeddable":true,"href":"https:\/\/bibleacademy.africa\/index.php?rest_route=\/wp\/v2\/users\/2"}],"replies":[{"embeddable":true,"href":"https:\/\/bibleacademy.africa\/index.php?rest_route=%2Fwp%2Fv2%2Fcomments&post=631"}],"version-history":[{"count":5,"href":"https:\/\/bibleacademy.africa\/index.php?rest_route=\/wp\/v2\/pages\/631\/revisions"}],"predecessor-version":[{"id":723,"href":"https:\/\/bibleacademy.africa\/index.php?rest_route=\/wp\/v2\/pages\/631\/revisions\/723"}],"wp:attachment":[{"href":"https:\/\/bibleacademy.africa\/index.php?rest_route=%2Fwp%2Fv2%2Fmedia&parent=631"}],"curies":[{"name":"wp","href":"https:\/\/api.w.org\/{rel}","templated":true}]}}